{"id":188,"date":"2023-02-22T16:17:32","date_gmt":"2023-02-22T16:17:32","guid":{"rendered":"http:\/\/www.topapartmany.cz\/?page_id=188"},"modified":"2023-04-29T08:35:20","modified_gmt":"2023-04-29T08:35:20","slug":"tipy-na-vylet","status":"publish","type":"page","link":"https:\/\/www.topapartmany.cz\/?page_id=188","title":{"rendered":"Tipy na v\u00fdlet Praha"},"content":{"rendered":"\n<div class=\"wp-block-columns is-layout-flex wp-container-core-columns-is-layout-9d6595d7 wp-block-columns-is-layout-flex\">\n<div class=\"wp-block-column is-layout-flow wp-block-column-is-layout-flow\">\n<p class=\"has-small-font-size\"><strong>Pra\u017esk\u00fd hrad<\/strong><\/p>\n\n\n\n<p class=\"has-small-font-size\">Pra\u017esk\u00fd hrad je nejv\u00fdznamn\u011bj\u0161\u00ed \u010desk\u00fd hrad (p\u016fvodn\u011b ran\u011b st\u0159edov\u011bk\u00e9 hradi\u0161t\u011b) stoj\u00edc\u00ed na skalnat\u00e9m ostrohu nad \u0159ekou Vltavou v centru Prahy. Od 9. stolet\u00ed b\u00fdval s\u00eddlem \u010desk\u00fdch kn\u00ed\u017eat, pozd\u011bji kr\u00e1l\u016f a od roku 1918 je s\u00eddlem prezidenta republiky.<\/p>\n\n\n\n<p class=\"has-small-font-size\"><strong>GPS:&nbsp;<\/strong>&nbsp;50\u00b05&#8217;26.995&#8243;N, 14\u00b024&#8217;1.713&#8243;E<br><a href=\"http:\/\/www.praguecityline.cz\/prazsky-hrad\">http:\/\/www.praguecityline.cz\/prazsky-hrad<\/a><\/p>\n<\/div>\n\n\n\n<div class=\"wp-block-column is-layout-flow wp-block-column-is-layout-flow\">\n<figure class=\"wp-block-image size-large\"><img loading=\"lazy\" decoding=\"async\" width=\"700\" height=\"467\" src=\"http:\/\/www.topapartmany.cz\/wp-content\/uploads\/2023\/04\/Prazsky-hrad-700x467.jpg\" alt=\"\" class=\"wp-image-386\" srcset=\"https:\/\/www.topapartmany.cz\/wp-content\/uploads\/2023\/04\/Prazsky-hrad-700x467.jpg 700w, https:\/\/www.topapartmany.cz\/wp-content\/uploads\/2023\/04\/Prazsky-hrad-300x200.jpg 300w, https:\/\/www.topapartmany.cz\/wp-content\/uploads\/2023\/04\/Prazsky-hrad-768x512.jpg 768w, https:\/\/www.topapartmany.cz\/wp-content\/uploads\/2023\/04\/Prazsky-hrad-1536x1024.jpg 1536w, https:\/\/www.topapartmany.cz\/wp-content\/uploads\/2023\/04\/Prazsky-hrad-2048x1365.jpg 2048w, https:\/\/www.topapartmany.cz\/wp-content\/uploads\/2023\/04\/Prazsky-hrad-1140x760.jpg 1140w\" sizes=\"auto, (max-width: 700px) 100vw, 700px\" \/><\/figure>\n<\/div>\n<\/div>\n\n\n\n<div class=\"wp-block-columns is-layout-flex wp-container-core-columns-is-layout-9d6595d7 wp-block-columns-is-layout-flex\">\n<div class=\"wp-block-column is-layout-flow wp-block-column-is-layout-flow\">\n<figure class=\"wp-block-image size-large\"><img loading=\"lazy\" decoding=\"async\" width=\"700\" height=\"467\" src=\"http:\/\/www.topapartmany.cz\/wp-content\/uploads\/2023\/04\/Karluv-most-700x467.jpg\" alt=\"\" class=\"wp-image-385\" srcset=\"https:\/\/www.topapartmany.cz\/wp-content\/uploads\/2023\/04\/Karluv-most-700x467.jpg 700w, https:\/\/www.topapartmany.cz\/wp-content\/uploads\/2023\/04\/Karluv-most-300x200.jpg 300w, https:\/\/www.topapartmany.cz\/wp-content\/uploads\/2023\/04\/Karluv-most-768x512.jpg 768w, https:\/\/www.topapartmany.cz\/wp-content\/uploads\/2023\/04\/Karluv-most-1536x1024.jpg 1536w, https:\/\/www.topapartmany.cz\/wp-content\/uploads\/2023\/04\/Karluv-most-2048x1365.jpg 2048w, https:\/\/www.topapartmany.cz\/wp-content\/uploads\/2023\/04\/Karluv-most-1140x760.jpg 1140w\" sizes=\"auto, (max-width: 700px) 100vw, 700px\" \/><\/figure>\n<\/div>\n\n\n\n<div class=\"wp-block-column is-layout-flow wp-block-column-is-layout-flow\">\n<p class=\"has-small-font-size\"><strong>Karl\u016fv most<\/strong><\/p>\n\n\n\n<p class=\"has-small-font-size\">Karl\u016fv most je nejstar\u0161\u00ed zachovan\u00fd pra\u017esk\u00fd most. Byl zalo\u017een c\u00edsa\u0159em Karlem IV. v roce 1357 na m\u00edst\u011b rom\u00e1nsk\u00e9ho Juditina mostu z 12. stolet\u00ed, zni\u010den\u00e9ho povodn\u00ed.<\/p>\n\n\n\n<p class=\"has-small-font-size\"><strong>GPS:\u00a0<\/strong>\u00a050\u00b0 5&#8242; 11.42&#8243;N, 14\u00b0 24&#8242; 40.65&#8243;E<br><a href=\"http:\/\/www.praguecityline.cz\/prazske-pamatky\/karluv-most-zakladni-popis\">karluv-most<\/a><\/p>\n<\/div>\n<\/div>\n\n\n\n<div class=\"wp-block-columns is-layout-flex wp-container-core-columns-is-layout-9d6595d7 wp-block-columns-is-layout-flex\">\n<div class=\"wp-block-column is-layout-flow wp-block-column-is-layout-flow\">\n<p class=\"has-small-font-size\"><strong>Starom\u011bstsk\u00e1 radnice s&nbsp;orlojem<\/strong><\/p>\n\n\n\n<p class=\"has-small-font-size\">Zhotovil jej r. 1410 Mikul\u00e1\u0161 z&nbsp;Kadan\u011b a&nbsp;zdokonalil koncem 15. st. mistr Hanu\u0161 z&nbsp;R\u016f\u017ee. Podle Jir\u00e1skovy pov\u011bsti sestrojil orloj mistr Hanu\u0161. Pot\u00e9 ho nechali pra\u017e\u0161t\u00ed radn\u00ed oslepit, aby nemohl vyrobit jeho kopii. Za to se mistr Hanu\u0161 pomstil tak, \u017ee orloj zastavil. Orloj se ve skute\u010dnosti zastavil r. 1865 a&nbsp;tehdy hrozilo, \u017ee bude odstran\u011bn. Na\u0161t\u011bst\u00ed pra\u017esk\u00fd hodin\u00e1\u0159 Ludv\u00edk Hainz mechanismus dok\u00e1zal opravit a&nbsp;stal se jeho spr\u00e1vcem on i&nbsp;jeho potomci. Orloj m\u00e1 t\u0159i \u010d\u00e1sti: nejv\u00fd\u0161e jsou mechanick\u00e9 figury. Ka\u017edou hodinu se ve dvou ok\u00e9nk\u00e1ch pod st\u0159\u00ed\u0161kou objevuje&nbsp;12 apo\u0161tol\u016f.<\/p>\n\n\n\n<p class=\"has-small-font-size\"><strong>GPS:<\/strong>&nbsp; 50\u00b05&#8217;11.746&#8243;N, 14\u00b025&#8217;11.834&#8243;E<br><a href=\"http:\/\/www.staromestskaradnice.cz\/\">http:\/\/www.staromestskaradnice.cz\/<\/a><\/p>\n<\/div>\n\n\n\n<div class=\"wp-block-column is-layout-flow wp-block-column-is-layout-flow\">\n<figure class=\"wp-block-image size-large\"><img loading=\"lazy\" decoding=\"async\" width=\"700\" height=\"467\" src=\"http:\/\/www.topapartmany.cz\/wp-content\/uploads\/2023\/04\/Staromestska-radnice-s-orlojem-700x467.jpg\" alt=\"\" class=\"wp-image-384\" srcset=\"https:\/\/www.topapartmany.cz\/wp-content\/uploads\/2023\/04\/Staromestska-radnice-s-orlojem-700x467.jpg 700w, https:\/\/www.topapartmany.cz\/wp-content\/uploads\/2023\/04\/Staromestska-radnice-s-orlojem-300x200.jpg 300w, https:\/\/www.topapartmany.cz\/wp-content\/uploads\/2023\/04\/Staromestska-radnice-s-orlojem-768x512.jpg 768w, https:\/\/www.topapartmany.cz\/wp-content\/uploads\/2023\/04\/Staromestska-radnice-s-orlojem-1536x1024.jpg 1536w, https:\/\/www.topapartmany.cz\/wp-content\/uploads\/2023\/04\/Staromestska-radnice-s-orlojem-2048x1365.jpg 2048w, https:\/\/www.topapartmany.cz\/wp-content\/uploads\/2023\/04\/Staromestska-radnice-s-orlojem-1140x760.jpg 1140w\" sizes=\"auto, (max-width: 700px) 100vw, 700px\" \/><\/figure>\n<\/div>\n<\/div>\n\n\n\n<div class=\"wp-block-columns is-layout-flex wp-container-core-columns-is-layout-9d6595d7 wp-block-columns-is-layout-flex\">\n<div class=\"wp-block-column is-layout-flow wp-block-column-is-layout-flow\">\n<figure class=\"wp-block-image size-large\"><img loading=\"lazy\" decoding=\"async\" width=\"700\" height=\"467\" src=\"http:\/\/www.topapartmany.cz\/wp-content\/uploads\/2023\/04\/Petrinska-rozhledna-700x467.jpg\" alt=\"\" class=\"wp-image-382\" srcset=\"https:\/\/www.topapartmany.cz\/wp-content\/uploads\/2023\/04\/Petrinska-rozhledna-700x467.jpg 700w, https:\/\/www.topapartmany.cz\/wp-content\/uploads\/2023\/04\/Petrinska-rozhledna-300x200.jpg 300w, https:\/\/www.topapartmany.cz\/wp-content\/uploads\/2023\/04\/Petrinska-rozhledna-768x512.jpg 768w, https:\/\/www.topapartmany.cz\/wp-content\/uploads\/2023\/04\/Petrinska-rozhledna-1536x1024.jpg 1536w, https:\/\/www.topapartmany.cz\/wp-content\/uploads\/2023\/04\/Petrinska-rozhledna-2048x1365.jpg 2048w, https:\/\/www.topapartmany.cz\/wp-content\/uploads\/2023\/04\/Petrinska-rozhledna-1140x760.jpg 1140w\" sizes=\"auto, (max-width: 700px) 100vw, 700px\" \/><\/figure>\n<\/div>\n\n\n\n<div class=\"wp-block-column is-layout-flow wp-block-column-is-layout-flow\">\n<p class=\"has-small-font-size\"><strong>Pet\u0159\u00ednsk\u00e1 rozhledna<\/strong><\/p>\n\n\n\n<p class=\"has-small-font-size\">Pet\u0159\u00ednsk\u00e1 rozhledna je mlad\u0161\u00ed sestrou Eiffelovy v\u011b\u017ee, kter\u00e1 \u201etrochu\u201c p\u0159erostla sv\u00e9 sourozence. Z nejkr\u00e1sn\u011bj\u0161\u00edch v\u011b\u017e\u00ed ta nejv\u00fd\u0161e polo\u017een\u00e1. Vzbuzuje zmaten\u00e9 pocity, \u00fadiv i opr\u00e1vn\u011bnou hrdost. Jen dva roky po dostav\u011bn\u00ed elegantn\u00ed pa\u0159\u00ed\u017esk\u00e9 v\u011b\u017ee, kter\u00e1 dosahuje \u00factyhodn\u00fdch 361 metr\u016f nad mo\u0159em, se nad pra\u017eskou kotlinou i nad hladinou oce\u00e1n\u016f vyno\u0159ila Pet\u0159\u00ednsk\u00e1 rozhledna a ti\u0161e vyhl\u00e1sila svoje prvenstv\u00ed. V\u00fd\u0161kou 378 m. n. m, jakoby sestru p\u0159ivinula pod ochrann\u00e1 k\u0159\u00eddla.<\/p>\n\n\n\n<p class=\"has-small-font-size\"><strong>GPS:<\/strong>&nbsp; 50\u00b05&#8217;0.758&#8243;N, 14\u00b023&#8217;42.180&#8243;E<br><a href=\"http:\/\/www.petrinska-rozhledna.cz\/\">http:\/\/www.petrinska-rozhledna.cz\/<\/a><\/p>\n<\/div>\n<\/div>\n\n\n\n<div class=\"wp-block-columns is-layout-flex wp-container-core-columns-is-layout-9d6595d7 wp-block-columns-is-layout-flex\">\n<div class=\"wp-block-column is-layout-flow wp-block-column-is-layout-flow\">\n<p class=\"has-small-font-size\"><strong>\u017didovsk\u00e9 m\u011bsto<\/strong><\/p>\n\n\n\n<p class=\"has-small-font-size\">\u017didovsk\u00e9 M\u011bsto pra\u017esk\u00e9, zalo\u017eeno v&nbsp;m\u00edstech mezi Karlov\u00fdm mostem a&nbsp;Starom\u011bstsk\u00fdm n\u00e1m\u011bst\u00edm, bylo nejv\u00fdznamn\u011bj\u0161\u00ed \u017eidovskou obc\u00ed v&nbsp;\u010desk\u00fdch zem\u00edch. Postupem let se p\u016fvodn\u00ed osada vyvinula v&nbsp;\u017didovsk\u00e9 M\u011bsto s&nbsp;vlastn\u00ed samospr\u00e1vou a&nbsp;soudnictv\u00edm. Dnes se tato \u010d\u00e1st m\u011bsta naz\u00fdv\u00e1 Josefov.&nbsp;Mimo\u0159\u00e1dn\u00fd v\u00fdznam obce spo\u010d\u00edval vedle jej\u00ed po\u010detnosti a&nbsp;kulturn\u00edho i&nbsp;hospod\u00e1\u0159sk\u00e9ho bohatstv\u00ed tak\u00e9 v&nbsp;tom, \u017ee a\u017e do poloviny 17. stolet\u00ed zastupovala ve vztahu k&nbsp;panovn\u00edkovi a&nbsp;zemsk\u00fdm \u00fa\u0159ad\u016fm v\u0161echny ostatn\u00ed \u017eidovsk\u00e9 obyvatele \u010cech.<\/p>\n\n\n\n<p class=\"has-small-font-size\"><strong>GPS:<\/strong>\u00a0 50\u00b05&#8217;23.089&#8243;N, 14\u00b024&#8217;59.191&#8243;E<br><a href=\"http:\/\/www.kudyznudy.cz\/Aktivity-a-akce\/Aktivity\/Prazske-Zidovske-mesto.aspx\">Prazske-Zidovske-mesto<\/a><\/p>\n<\/div>\n\n\n\n<div class=\"wp-block-column is-layout-flow wp-block-column-is-layout-flow\">\n<figure class=\"wp-block-image size-large\"><img loading=\"lazy\" decoding=\"async\" width=\"700\" height=\"467\" src=\"http:\/\/www.topapartmany.cz\/wp-content\/uploads\/2023\/04\/Zidovske-mesto-700x467.jpg\" alt=\"\" class=\"wp-image-383\" srcset=\"https:\/\/www.topapartmany.cz\/wp-content\/uploads\/2023\/04\/Zidovske-mesto-700x467.jpg 700w, https:\/\/www.topapartmany.cz\/wp-content\/uploads\/2023\/04\/Zidovske-mesto-300x200.jpg 300w, https:\/\/www.topapartmany.cz\/wp-content\/uploads\/2023\/04\/Zidovske-mesto-768x512.jpg 768w, https:\/\/www.topapartmany.cz\/wp-content\/uploads\/2023\/04\/Zidovske-mesto-1536x1024.jpg 1536w, https:\/\/www.topapartmany.cz\/wp-content\/uploads\/2023\/04\/Zidovske-mesto-2048x1365.jpg 2048w, https:\/\/www.topapartmany.cz\/wp-content\/uploads\/2023\/04\/Zidovske-mesto-1140x760.jpg 1140w\" sizes=\"auto, (max-width: 700px) 100vw, 700px\" \/><\/figure>\n<\/div>\n<\/div>\n\n\n\n<div class=\"wp-block-columns is-layout-flex wp-container-core-columns-is-layout-9d6595d7 wp-block-columns-is-layout-flex\">\n<div class=\"wp-block-column is-layout-flow wp-block-column-is-layout-flow\">\n<figure class=\"wp-block-image size-large\"><img loading=\"lazy\" decoding=\"async\" width=\"700\" height=\"467\" src=\"http:\/\/www.topapartmany.cz\/wp-content\/uploads\/2023\/04\/Klaster-Prazskeho-Jezulatka-700x467.jpg\" alt=\"\" class=\"wp-image-387\" srcset=\"https:\/\/www.topapartmany.cz\/wp-content\/uploads\/2023\/04\/Klaster-Prazskeho-Jezulatka-700x467.jpg 700w, https:\/\/www.topapartmany.cz\/wp-content\/uploads\/2023\/04\/Klaster-Prazskeho-Jezulatka-300x200.jpg 300w, https:\/\/www.topapartmany.cz\/wp-content\/uploads\/2023\/04\/Klaster-Prazskeho-Jezulatka-768x512.jpg 768w, https:\/\/www.topapartmany.cz\/wp-content\/uploads\/2023\/04\/Klaster-Prazskeho-Jezulatka-1536x1024.jpg 1536w, https:\/\/www.topapartmany.cz\/wp-content\/uploads\/2023\/04\/Klaster-Prazskeho-Jezulatka-2048x1365.jpg 2048w, https:\/\/www.topapartmany.cz\/wp-content\/uploads\/2023\/04\/Klaster-Prazskeho-Jezulatka-1140x760.jpg 1140w\" sizes=\"auto, (max-width: 700px) 100vw, 700px\" \/><\/figure>\n<\/div>\n\n\n\n<div class=\"wp-block-column is-layout-flow wp-block-column-is-layout-flow\">\n<p class=\"has-small-font-size\"><strong>Kl\u00e1\u0161ter Pra\u017esk\u00e9ho Jezul\u00e1tka<\/strong><\/p>\n\n\n\n<p class=\"has-small-font-size\">Kl\u00e1\u0161ter Pra\u017esk\u00e9ho Jezul\u00e1tka je z\u010d\u00e1sti renesan\u010dn\u00ed a&nbsp;z\u010d\u00e1sti ran\u011b barokn\u00ed s\u00e1lovou stavbou \u0159\u00edmsk\u00e9ho typu. V&nbsp;kostele je um\u00edst\u011bna so\u0161ka Pra\u017esk\u00e9ho Jezul\u00e1tka.<\/p>\n\n\n\n<p class=\"has-small-font-size\"><strong>GPS:&nbsp;<\/strong>&nbsp;50\u00b05&#8217;7.898&#8243;N, 14\u00b024&#8217;14.054&#8243;E<br><a href=\"http:\/\/www.pragjesu.info\/\">http:\/\/www.pragjesu.info\/<\/a><\/p>\n<\/div>\n<\/div>\n","protected":false},"excerpt":{"rendered":"<p>Pra\u017esk\u00fd hrad Pra\u017esk\u00fd hrad je nejv\u00fdznamn\u011bj\u0161\u00ed \u010desk\u00fd hrad (p\u016fvodn\u011b ran\u011b st\u0159edov\u011bk\u00e9 hradi\u0161t\u011b) stoj\u00edc\u00ed na skalnat\u00e9m ostrohu nad \u0159ekou Vltavou v centru Prahy. Od 9. stolet\u00ed b\u00fdval s\u00eddlem \u010desk\u00fdch kn\u00ed\u017eat, pozd\u011bji kr\u00e1l\u016f a od roku 1918 je s\u00eddlem prezidenta republiky. GPS:&nbsp;&nbsp;50\u00b05&#8217;26.995&#8243;N, 14\u00b024&#8217;1.713&#8243;Ehttp:\/\/www.praguecityline.cz\/prazsky-hrad Karl\u016fv most Karl\u016fv most je nejstar\u0161\u00ed zachovan\u00fd pra\u017esk\u00fd most. Byl zalo\u017een c\u00edsa\u0159em Karlem IV. v roce 1357 na m\u00edst\u011b rom\u00e1nsk\u00e9ho Juditina mostu z 12. stolet\u00ed, zni\u010den\u00e9ho povodn\u00ed. GPS:\u00a0\u00a050\u00b0 5&#8242; 11.42&#8243;N, 14\u00b0 24&#8242; 40.65&#8243;Ekarluv-most Starom\u011bstsk\u00e1 radnice s&nbsp;orlojem Zhotovil jej r. 1410 Mikul\u00e1\u0161 z&nbsp;Kadan\u011b a&nbsp;zdokonalil koncem 15. st. mistr Hanu\u0161 z&nbsp;R\u016f\u017ee. Podle Jir\u00e1skovy pov\u011bsti sestrojil orloj mistr Hanu\u0161. Pot\u00e9 ho nechali pra\u017e\u0161t\u00ed radn\u00ed oslepit, aby nemohl vyrobit jeho kopii. Za to se mistr Hanu\u0161 pomstil tak, \u017ee orloj zastavil. Orloj se ve skute\u010dnosti zastavil r. 1865 a&nbsp;tehdy hrozilo, \u017ee bude odstran\u011bn. Na\u0161t\u011bst\u00ed pra\u017esk\u00fd hodin\u00e1\u0159 Ludv\u00edk Hainz mechanismus dok\u00e1zal opravit a&nbsp;stal se jeho spr\u00e1vcem on i&nbsp;jeho potomci. Orloj m\u00e1 t\u0159i \u010d\u00e1sti: nejv\u00fd\u0161e jsou mechanick\u00e9 figury. Ka\u017edou hodinu se ve dvou ok\u00e9nk\u00e1ch pod st\u0159\u00ed\u0161kou objevuje&nbsp;12 apo\u0161tol\u016f. GPS:&nbsp; 50\u00b05&#8217;11.746&#8243;N, 14\u00b025&#8217;11.834&#8243;Ehttp:\/\/www.staromestskaradnice.cz\/ Pet\u0159\u00ednsk\u00e1 rozhledna Pet\u0159\u00ednsk\u00e1 rozhledna je mlad\u0161\u00ed sestrou Eiffelovy v\u011b\u017ee, kter\u00e1 \u201etrochu\u201c p\u0159erostla sv\u00e9 sourozence. Z nejkr\u00e1sn\u011bj\u0161\u00edch v\u011b\u017e\u00ed ta nejv\u00fd\u0161e polo\u017een\u00e1. Vzbuzuje zmaten\u00e9 pocity, \u00fadiv i opr\u00e1vn\u011bnou hrdost. Jen dva roky po dostav\u011bn\u00ed elegantn\u00ed pa\u0159\u00ed\u017esk\u00e9 v\u011b\u017ee, kter\u00e1 dosahuje \u00factyhodn\u00fdch 361 metr\u016f nad mo\u0159em, se nad pra\u017eskou kotlinou i nad hladinou oce\u00e1n\u016f vyno\u0159ila Pet\u0159\u00ednsk\u00e1 rozhledna a ti\u0161e vyhl\u00e1sila svoje prvenstv\u00ed. V\u00fd\u0161kou 378 m. n. m, jakoby sestru p\u0159ivinula pod ochrann\u00e1 k\u0159\u00eddla. GPS:&nbsp; 50\u00b05&#8217;0.758&#8243;N, 14\u00b023&#8217;42.180&#8243;Ehttp:\/\/www.petrinska-rozhledna.cz\/ \u017didovsk\u00e9 m\u011bsto \u017didovsk\u00e9 M\u011bsto pra\u017esk\u00e9, zalo\u017eeno v&nbsp;m\u00edstech mezi Karlov\u00fdm mostem a&nbsp;Starom\u011bstsk\u00fdm n\u00e1m\u011bst\u00edm, bylo nejv\u00fdznamn\u011bj\u0161\u00ed \u017eidovskou obc\u00ed v&nbsp;\u010desk\u00fdch zem\u00edch. Postupem let se p\u016fvodn\u00ed osada vyvinula v&nbsp;\u017didovsk\u00e9 M\u011bsto s&nbsp;vlastn\u00ed samospr\u00e1vou a&nbsp;soudnictv\u00edm. Dnes se tato \u010d\u00e1st m\u011bsta naz\u00fdv\u00e1 Josefov.&nbsp;Mimo\u0159\u00e1dn\u00fd v\u00fdznam obce spo\u010d\u00edval vedle jej\u00ed po\u010detnosti a&nbsp;kulturn\u00edho i&nbsp;hospod\u00e1\u0159sk\u00e9ho bohatstv\u00ed tak\u00e9 v&nbsp;tom, \u017ee a\u017e do poloviny 17. stolet\u00ed zastupovala ve vztahu k&nbsp;panovn\u00edkovi a&nbsp;zemsk\u00fdm \u00fa\u0159ad\u016fm v\u0161echny ostatn\u00ed \u017eidovsk\u00e9 obyvatele \u010cech. GPS:\u00a0 50\u00b05&#8217;23.089&#8243;N, 14\u00b024&#8217;59.191&#8243;EPrazske-Zidovske-mesto Kl\u00e1\u0161ter Pra\u017esk\u00e9ho Jezul\u00e1tka Kl\u00e1\u0161ter Pra\u017esk\u00e9ho Jezul\u00e1tka je z\u010d\u00e1sti renesan\u010dn\u00ed a&nbsp;z\u010d\u00e1sti ran\u011b barokn\u00ed s\u00e1lovou stavbou \u0159\u00edmsk\u00e9ho typu. V&nbsp;kostele je um\u00edst\u011bna so\u0161ka Pra\u017esk\u00e9ho Jezul\u00e1tka. GPS:&nbsp;&nbsp;50\u00b05&#8217;7.898&#8243;N, 14\u00b024&#8217;14.054&#8243;Ehttp:\/\/www.pragjesu.info\/<\/p>\n","protected":false},"author":2,"featured_media":0,"parent":0,"menu_order":0,"comment_status":"closed","ping_status":"closed","template":"","meta":{"footnotes":""},"class_list":["post-188","page","type-page","status-publish","hentry"],"_links":{"self":[{"href":"https:\/\/www.topapartmany.cz\/index.php?rest_route=\/wp\/v2\/pages\/188","targetHints":{"allow":["GET"]}}],"collection":[{"href":"https:\/\/www.topapartmany.cz\/index.php?rest_route=\/wp\/v2\/pages"}],"about":[{"href":"https:\/\/www.topapartmany.cz\/index.php?rest_route=\/wp\/v2\/types\/page"}],"author":[{"embeddable":true,"href":"https:\/\/www.topapartmany.cz\/index.php?rest_route=\/wp\/v2\/users\/2"}],"replies":[{"embeddable":true,"href":"https:\/\/www.topapartmany.cz\/index.php?rest_route=%2Fwp%2Fv2%2Fcomments&post=188"}],"version-history":[{"count":11,"href":"https:\/\/www.topapartmany.cz\/index.php?rest_route=\/wp\/v2\/pages\/188\/revisions"}],"predecessor-version":[{"id":388,"href":"https:\/\/www.topapartmany.cz\/index.php?rest_route=\/wp\/v2\/pages\/188\/revisions\/388"}],"wp:attachment":[{"href":"https:\/\/www.topapartmany.cz\/index.php?rest_route=%2Fwp%2Fv2%2Fmedia&parent=188"}],"curies":[{"name":"wp","href":"https:\/\/api.w.org\/{rel}","templated":true}]}}